{"id":9578,"date":"2024-01-18T15:04:49","date_gmt":"2024-01-18T14:04:49","guid":{"rendered":"https:\/\/eribertocaria.com\/proyectos\/zafferano-cortis\/"},"modified":"2024-04-22T11:04:39","modified_gmt":"2024-04-22T09:04:39","slug":"zafferano-cortis","status":"publish","type":"project","link":"https:\/\/eribertocaria.com\/it\/progetti\/zafferano-cortis\/","title":{"rendered":"Zafferano Cortis"},"content":{"rendered":"\n<figure class=\"wp-block-image size-full block-visibility-hide-small-screen\"><img loading=\"lazy\" decoding=\"async\" width=\"1880\" height=\"1411\" src=\"https:\/\/eribertocaria.com\/wp-content\/uploads\/2024\/01\/zafferano-cortis-02.jpg\" alt=\"\" class=\"wp-image-9509\"\/><\/figure>\n\n\n\n<figure class=\"wp-block-image size-full block-visibility-hide-large-screen block-visibility-hide-medium-screen\"><img loading=\"lazy\" decoding=\"async\" width=\"936\" height=\"1551\" src=\"https:\/\/eribertocaria.com\/wp-content\/uploads\/2024\/01\/zafferano-cortis-mobile-02-1.jpg\" alt=\"\" class=\"wp-image-10104\"\/><\/figure>\n\n\n\n<div id=\"isolated-text-block_ca1b4db7cfce209e58595c409279a8c2\" class=\"block isolated-text \" data-aos=\"fade-up\">\n    <p>Fin dagli esordi, Zafferano Cortis ha voluto investire nel packaging design per differenziarsi dalla concorrenza e comunicare l&#8217;alta qualit\u00e0 dei suoi prodotti. \u00c8 stata studiata un&#8217;immagine minimalista, moderna ed elegante.<\/p>\n<p>Il design del packaging dello zafferano in stimmi, un prodotto di qualit\u00e0 superiore, \u00e8 stato applicato a una scatola di cartone contenente un barattolo di vetro con zafferano.<\/p>\n<p>Lo zafferano in polvere \u00e8 confezionato in una scatola di carta, che viene presentata in un espositore nel punto vendita.<\/p>\n<\/div>\n\n\n<figure class=\"wp-block-image size-full block-visibility-hide-small-screen\"><img loading=\"lazy\" decoding=\"async\" width=\"1880\" height=\"1060\" src=\"https:\/\/eribertocaria.com\/wp-content\/uploads\/2024\/01\/zafferano-cortis-03.jpg\" alt=\"\" class=\"wp-image-9517\"\/><\/figure>\n\n\n\n<figure class=\"wp-block-image alignfull size-full block-visibility-hide-large-screen block-visibility-hide-medium-screen\"><img loading=\"lazy\" decoding=\"async\" width=\"936\" height=\"777\" src=\"https:\/\/eribertocaria.com\/wp-content\/uploads\/2024\/01\/zafferano-cortis-mobile-02-4.jpg\" alt=\"\" class=\"wp-image-10172\"\/><\/figure>\n\n\n\n<figure class=\"wp-block-image size-full block-visibility-hide-small-screen\"><img decoding=\"async\" src=\"https:\/\/eribertocaria.com\/wp-content\/uploads\/2024\/01\/zafferano-cortis-04.jpg\" alt=\"\" class=\"wp-image-9521\"\/><\/figure>\n\n\n\n<figure class=\"wp-block-image alignfull size-full block-visibility-hide-large-screen block-visibility-hide-medium-screen\"><img loading=\"lazy\" decoding=\"async\" width=\"936\" height=\"2076\" src=\"https:\/\/eribertocaria.com\/wp-content\/uploads\/2024\/01\/zafferano-cortis-mobile-04-2.jpg\" alt=\"\" class=\"wp-image-10152\"\/><\/figure>\n\n\n\n<figure class=\"wp-block-image alignfull size-full block-visibility-hide-small-screen\"><img loading=\"lazy\" decoding=\"async\" width=\"2000\" height=\"1334\" src=\"https:\/\/eribertocaria.com\/wp-content\/uploads\/2024\/01\/zafferano-cortis-05.jpg\" alt=\"\" class=\"wp-image-9533\"\/><\/figure>\n\n\n\n<figure class=\"wp-block-image alignfull size-full block-visibility-hide-large-screen block-visibility-hide-medium-screen\"><img loading=\"lazy\" decoding=\"async\" width=\"1128\" height=\"1551\" src=\"https:\/\/eribertocaria.com\/wp-content\/uploads\/2024\/01\/zafferano-cortis-mobile-05.jpg\" alt=\"\" class=\"wp-image-10157\"\/><\/figure>\n\n\n\n<figure class=\"wp-block-image size-full block-visibility-hide-small-screen\"><img decoding=\"async\" src=\"https:\/\/eribertocaria.com\/wp-content\/uploads\/2024\/01\/zafferano-cortis-06.jpg\" alt=\"\" class=\"wp-image-9537\"\/><\/figure>\n\n\n\n<figure class=\"wp-block-image alignfull size-full block-visibility-hide-large-screen block-visibility-hide-medium-screen\"><img loading=\"lazy\" decoding=\"async\" width=\"936\" height=\"1868\" src=\"https:\/\/eribertocaria.com\/wp-content\/uploads\/2024\/01\/zafferano-cortis-mobile-06-3.jpg\" alt=\"\" class=\"wp-image-10183\"\/><\/figure>\n\n\n\n<div id=\"two-columns-block_986893c56f89c8c0b68e7518295e6fb1\" class=\"two-columns wp-block-columns margen-2 distribucion-2 align-middle featured-text\" style=\"flex-wrap: wrap !important;\">\n    \n    <div class=\"wp-block-column\">\n                        <figure class=\"wp-block-image\">\n                    <img decoding=\"async\" src=\"https:\/\/eribertocaria.com\/wp-content\/uploads\/2024\/01\/zafferano-cortis-07.jpg\" alt=\"\">                <\/figure>\n        \n        \n        \n    <\/div>\n\n    <div class=\"wp-block-column\">\n        \n        \n                    <div class=\"wp-block-text\">\n                <p>Lo zafferano in polvere, prezioso tesoro culinario, \u00e8 accuratamente confezionato in un astuccio di carta. Questo astuccio dal design accurato salvaguarda la purezza e l&#8217;intensit\u00e0 degli aromi che caratterizzano questa ambita spezia. Nel punto vendita, questo prodotto \u00e8 elegantemente presentato in un display accattivante, che ne evidenzia la qualit\u00e0 e attira l&#8217;attenzione degli amanti del cibo.<\/p>\n            <\/div>\n            <\/div>\n\n<\/div>\n\n\n<div id=\"featured-text-block_61c996dae44dee8819c6342d6916db1f\" class=\"block featured-text\" data-aos=\"fade-up\">\n    <p>La comunicazione di Zafferano Cortis \u00e8 fondamentale per evidenziare l&#8217;eccellenza dei suoi prodotti. Attraverso roll-up, depliant, banner e social media, l&#8217;azienda crea un&#8217;identit\u00e0 visiva di grande impatto che informa e coinvolge i suoi clienti. Questi strumenti di comunicazione riflettono la qualit\u00e0 e l&#8217;impegno di Zafferano Cortis in ogni dettaglio.<\/p>\n<\/div>\n\n\n<figure class=\"wp-block-image size-full\"><img loading=\"lazy\" decoding=\"async\" width=\"1880\" height=\"1253\" src=\"https:\/\/eribertocaria.com\/wp-content\/uploads\/2024\/01\/zafferano-cortis-08.jpg\" alt=\"\" class=\"wp-image-9545\"\/><\/figure>\n\n\n\n<figure class=\"wp-block-image size-full\"><img loading=\"lazy\" decoding=\"async\" width=\"1880\" height=\"1253\" src=\"https:\/\/eribertocaria.com\/wp-content\/uploads\/2024\/01\/zafferano-cortis-09.jpg\" alt=\"\" class=\"wp-image-9549\"\/><\/figure>\n\n\n\n<figure class=\"wp-block-image size-full\"><img loading=\"lazy\" decoding=\"async\" width=\"1880\" height=\"1253\" src=\"https:\/\/eribertocaria.com\/wp-content\/uploads\/2024\/01\/zafferano-cortis-10.jpg\" alt=\"\" class=\"wp-image-9553\"\/><\/figure>\n\n\n\n<figure class=\"wp-block-image size-full\"><img loading=\"lazy\" decoding=\"async\" width=\"1880\" height=\"1253\" src=\"https:\/\/eribertocaria.com\/wp-content\/uploads\/2024\/01\/zafferano-cortis-11.jpg\" alt=\"\" class=\"wp-image-9557\"\/><\/figure>\n\n\n\n<div id=\"isolated-text-block_3d85bb97e07142c6de5bec9fc5127507\" class=\"block isolated-text \" data-aos=\"fade-up\">\n    <p>Il sito web di Zafferano Cortis ha un design web su misura ed \u00e8 stato sviluppato con il CMS WordPress.<\/p>\n<p>Si compone di diverse parti: presentazione dell&#8217;azienda, la sua storia, il territorio di produzione, cos&#8217;\u00e8 lo zafferano, come si produce, come si usa, i prodotti, lo shop online, i punti vendita e i contatti.<\/p>\n<p>Si tratta di un sito web con design responsivo, quindi il layout si adatta alle diverse dimensioni dello schermo per migliorare l&#8217;usabilit\u00e0 su tutti i dispositivi (computer, tablet e cellulari).<\/p>\n<\/div>\n\n\n<figure class=\"wp-block-image size-full block-visibility-hide-small-screen\"><img loading=\"lazy\" decoding=\"async\" width=\"1880\" height=\"1254\" src=\"https:\/\/eribertocaria.com\/wp-content\/uploads\/2024\/01\/zafferano-cortis-12.jpg\" alt=\"\" class=\"wp-image-9561\"\/><\/figure>\n\n\n\n<figure class=\"wp-block-image size-full block-visibility-hide-large-screen block-visibility-hide-medium-screen\"><img loading=\"lazy\" decoding=\"async\" width=\"1354\" height=\"1254\" src=\"https:\/\/eribertocaria.com\/wp-content\/uploads\/2024\/01\/zafferano-cortis-mobile-12.jpg\" alt=\"\" class=\"wp-image-10095\"\/><\/figure>\n\n\n\n<figure class=\"wp-block-image size-full block-visibility-hide-small-screen\"><img loading=\"lazy\" decoding=\"async\" width=\"1880\" height=\"1412\" src=\"https:\/\/eribertocaria.com\/wp-content\/uploads\/2024\/01\/zafferano-cortis-13.jpg\" alt=\"\" class=\"wp-image-9565\"\/><\/figure>\n\n\n\n<figure class=\"wp-block-image size-full block-visibility-hide-large-screen block-visibility-hide-medium-screen\"><img loading=\"lazy\" decoding=\"async\" width=\"936\" height=\"1744\" src=\"https:\/\/eribertocaria.com\/wp-content\/uploads\/2024\/01\/zafferano-cortis-mobile-13-1.jpg\" alt=\"\" class=\"wp-image-10121\"\/><\/figure>\n\n\n\n<figure class=\"wp-block-image size-full block-visibility-hide-small-screen\"><img loading=\"lazy\" decoding=\"async\" width=\"1907\" height=\"1271\" src=\"https:\/\/eribertocaria.com\/wp-content\/uploads\/2024\/01\/zafferano-cortis-14.jpg\" alt=\"\" class=\"wp-image-9570\"\/><\/figure>\n\n\n\n<figure class=\"wp-block-image size-full block-visibility-hide-large-screen block-visibility-hide-medium-screen\"><img loading=\"lazy\" decoding=\"async\" width=\"1050\" height=\"932\" src=\"https:\/\/eribertocaria.com\/wp-content\/uploads\/2024\/01\/zafferano-cortis-mobile-14-1.jpg\" alt=\"\" class=\"wp-image-10126\"\/><\/figure>\n","protected":false},"featured_media":9535,"template":"","projects-design":[139,143,141,142],"class_list":["post-9578","project","type-project","status-publish","has-post-thumbnail","hentry","projects-design-comunicazione","projects-design-immagine-corporativa","projects-design-packaging-design-it","projects-design-web-design-it"],"acf":[],"yoast_head":"<!-- This site is optimized with the Yoast SEO plugin v27.1.1 - https:\/\/yoast.com\/product\/yoast-seo-wordpress\/ -->\n<title>Brand, web e packaging design: Zafferano Cortis &#8211; Eriberto Caria<\/title>\n<meta name=\"description\" content=\"Scopri il mio portfolio di grafica pubblicitaria: comunicazione visiva, packaging, web design, corporate identity e realt\u00e0 estesa.\" \/>\n<meta name=\"robots\" content=\"index, follow, max-snippet:-1, max-image-preview:large, max-video-preview:-1\" \/>\n<link rel=\"canonical\" href=\"https:\/\/eribertocaria.com\/it\/progetti\/zafferano-cortis\/\" \/>\n<meta property=\"og:locale\" content=\"it_IT\" \/>\n<meta property=\"og:type\" content=\"article\" \/>\n<meta property=\"og:title\" content=\"Brand, web e packaging design: Zafferano Cortis &#8211; Eriberto Caria\" \/>\n<meta property=\"og:description\" content=\"Scopri il mio portfolio di grafica pubblicitaria: comunicazione visiva, packaging, web design, corporate identity e realt\u00e0 estesa.\" \/>\n<meta property=\"og:url\" content=\"https:\/\/eribertocaria.com\/it\/progetti\/zafferano-cortis\/\" \/>\n<meta property=\"og:site_name\" content=\"Eriberto Caria\" \/>\n<meta property=\"article:modified_time\" content=\"2024-04-22T09:04:39+00:00\" \/>\n<meta property=\"og:image\" content=\"https:\/\/eribertocaria.com\/wp-content\/uploads\/2024\/01\/zafferano-cortis-05.jpg\" \/>\n\t<meta property=\"og:image:width\" content=\"2000\" \/>\n\t<meta property=\"og:image:height\" content=\"1334\" \/>\n\t<meta property=\"og:image:type\" content=\"image\/jpeg\" \/>\n<meta name=\"twitter:card\" content=\"summary_large_image\" \/>\n<meta name=\"twitter:label1\" content=\"Tempo di lettura stimato\" \/>\n\t<meta name=\"twitter:data1\" content=\"5 minuti\" \/>\n<script type=\"application\/ld+json\" class=\"yoast-schema-graph\">{\"@context\":\"https:\/\/schema.org\",\"@graph\":[{\"@type\":\"WebPage\",\"@id\":\"https:\/\/eribertocaria.com\/it\/progetti\/zafferano-cortis\/\",\"url\":\"https:\/\/eribertocaria.com\/it\/progetti\/zafferano-cortis\/\",\"name\":\"Brand, web e packaging design: Zafferano Cortis &#8211; Eriberto Caria\",\"isPartOf\":{\"@id\":\"https:\/\/eribertocaria.com\/it\/#website\"},\"primaryImageOfPage\":{\"@id\":\"https:\/\/eribertocaria.com\/it\/progetti\/zafferano-cortis\/#primaryimage\"},\"image\":{\"@id\":\"https:\/\/eribertocaria.com\/it\/progetti\/zafferano-cortis\/#primaryimage\"},\"thumbnailUrl\":\"https:\/\/eribertocaria.com\/wp-content\/uploads\/2024\/01\/zafferano-cortis-05.jpg\",\"datePublished\":\"2024-01-18T14:04:49+00:00\",\"dateModified\":\"2024-04-22T09:04:39+00:00\",\"description\":\"Scopri il mio portfolio di grafica pubblicitaria: comunicazione visiva, packaging, web design, corporate identity e realt\u00e0 estesa.\",\"breadcrumb\":{\"@id\":\"https:\/\/eribertocaria.com\/it\/progetti\/zafferano-cortis\/#breadcrumb\"},\"inLanguage\":\"it-IT\",\"potentialAction\":[{\"@type\":\"ReadAction\",\"target\":[\"https:\/\/eribertocaria.com\/it\/progetti\/zafferano-cortis\/\"]}]},{\"@type\":\"ImageObject\",\"inLanguage\":\"it-IT\",\"@id\":\"https:\/\/eribertocaria.com\/it\/progetti\/zafferano-cortis\/#primaryimage\",\"url\":\"https:\/\/eribertocaria.com\/wp-content\/uploads\/2024\/01\/zafferano-cortis-05.jpg\",\"contentUrl\":\"https:\/\/eribertocaria.com\/wp-content\/uploads\/2024\/01\/zafferano-cortis-05.jpg\",\"width\":2000,\"height\":1334},{\"@type\":\"BreadcrumbList\",\"@id\":\"https:\/\/eribertocaria.com\/it\/progetti\/zafferano-cortis\/#breadcrumb\",\"itemListElement\":[{\"@type\":\"ListItem\",\"position\":1,\"name\":\"Proyectos\",\"item\":\"https:\/\/eribertocaria.com\/it\/progetti\/\"},{\"@type\":\"ListItem\",\"position\":2,\"name\":\"Zafferano Cortis\"}]},{\"@type\":\"WebSite\",\"@id\":\"https:\/\/eribertocaria.com\/it\/#website\",\"url\":\"https:\/\/eribertocaria.com\/it\/\",\"name\":\"Eriberto Caria\",\"description\":\"Dise\u00f1ador gr\u00e1fico freelance\",\"potentialAction\":[{\"@type\":\"SearchAction\",\"target\":{\"@type\":\"EntryPoint\",\"urlTemplate\":\"https:\/\/eribertocaria.com\/it\/?s={search_term_string}\"},\"query-input\":{\"@type\":\"PropertyValueSpecification\",\"valueRequired\":true,\"valueName\":\"search_term_string\"}}],\"inLanguage\":\"it-IT\"}]}<\/script>\n<!-- \/ Yoast SEO plugin. -->","yoast_head_json":{"title":"Brand, web e packaging design: Zafferano Cortis &#8211; Eriberto Caria","description":"Scopri il mio portfolio di grafica pubblicitaria: comunicazione visiva, packaging, web design, corporate identity e realt\u00e0 estesa.","robots":{"index":"index","follow":"follow","max-snippet":"max-snippet:-1","max-image-preview":"max-image-preview:large","max-video-preview":"max-video-preview:-1"},"canonical":"https:\/\/eribertocaria.com\/it\/progetti\/zafferano-cortis\/","og_locale":"it_IT","og_type":"article","og_title":"Brand, web e packaging design: Zafferano Cortis &#8211; Eriberto Caria","og_description":"Scopri il mio portfolio di grafica pubblicitaria: comunicazione visiva, packaging, web design, corporate identity e realt\u00e0 estesa.","og_url":"https:\/\/eribertocaria.com\/it\/progetti\/zafferano-cortis\/","og_site_name":"Eriberto Caria","article_modified_time":"2024-04-22T09:04:39+00:00","og_image":[{"width":2000,"height":1334,"url":"https:\/\/eribertocaria.com\/wp-content\/uploads\/2024\/01\/zafferano-cortis-05.jpg","type":"image\/jpeg"}],"twitter_card":"summary_large_image","twitter_misc":{"Tempo di lettura stimato":"5 minuti"},"schema":{"@context":"https:\/\/schema.org","@graph":[{"@type":"WebPage","@id":"https:\/\/eribertocaria.com\/it\/progetti\/zafferano-cortis\/","url":"https:\/\/eribertocaria.com\/it\/progetti\/zafferano-cortis\/","name":"Brand, web e packaging design: Zafferano Cortis &#8211; Eriberto Caria","isPartOf":{"@id":"https:\/\/eribertocaria.com\/it\/#website"},"primaryImageOfPage":{"@id":"https:\/\/eribertocaria.com\/it\/progetti\/zafferano-cortis\/#primaryimage"},"image":{"@id":"https:\/\/eribertocaria.com\/it\/progetti\/zafferano-cortis\/#primaryimage"},"thumbnailUrl":"https:\/\/eribertocaria.com\/wp-content\/uploads\/2024\/01\/zafferano-cortis-05.jpg","datePublished":"2024-01-18T14:04:49+00:00","dateModified":"2024-04-22T09:04:39+00:00","description":"Scopri il mio portfolio di grafica pubblicitaria: comunicazione visiva, packaging, web design, corporate identity e realt\u00e0 estesa.","breadcrumb":{"@id":"https:\/\/eribertocaria.com\/it\/progetti\/zafferano-cortis\/#breadcrumb"},"inLanguage":"it-IT","potentialAction":[{"@type":"ReadAction","target":["https:\/\/eribertocaria.com\/it\/progetti\/zafferano-cortis\/"]}]},{"@type":"ImageObject","inLanguage":"it-IT","@id":"https:\/\/eribertocaria.com\/it\/progetti\/zafferano-cortis\/#primaryimage","url":"https:\/\/eribertocaria.com\/wp-content\/uploads\/2024\/01\/zafferano-cortis-05.jpg","contentUrl":"https:\/\/eribertocaria.com\/wp-content\/uploads\/2024\/01\/zafferano-cortis-05.jpg","width":2000,"height":1334},{"@type":"BreadcrumbList","@id":"https:\/\/eribertocaria.com\/it\/progetti\/zafferano-cortis\/#breadcrumb","itemListElement":[{"@type":"ListItem","position":1,"name":"Proyectos","item":"https:\/\/eribertocaria.com\/it\/progetti\/"},{"@type":"ListItem","position":2,"name":"Zafferano Cortis"}]},{"@type":"WebSite","@id":"https:\/\/eribertocaria.com\/it\/#website","url":"https:\/\/eribertocaria.com\/it\/","name":"Eriberto Caria","description":"Dise\u00f1ador gr\u00e1fico freelance","potentialAction":[{"@type":"SearchAction","target":{"@type":"EntryPoint","urlTemplate":"https:\/\/eribertocaria.com\/it\/?s={search_term_string}"},"query-input":{"@type":"PropertyValueSpecification","valueRequired":true,"valueName":"search_term_string"}}],"inLanguage":"it-IT"}]}},"_links":{"self":[{"href":"https:\/\/eribertocaria.com\/it\/wp-json\/wp\/v2\/project\/9578","targetHints":{"allow":["GET"]}}],"collection":[{"href":"https:\/\/eribertocaria.com\/it\/wp-json\/wp\/v2\/project"}],"about":[{"href":"https:\/\/eribertocaria.com\/it\/wp-json\/wp\/v2\/types\/project"}],"wp:featuredmedia":[{"embeddable":true,"href":"https:\/\/eribertocaria.com\/it\/wp-json\/wp\/v2\/media\/9535"}],"wp:attachment":[{"href":"https:\/\/eribertocaria.com\/it\/wp-json\/wp\/v2\/media?parent=9578"}],"wp:term":[{"taxonomy":"projects-design","embeddable":true,"href":"https:\/\/eribertocaria.com\/it\/wp-json\/wp\/v2\/projects-design?post=9578"}],"curies":[{"name":"wp","href":"https:\/\/api.w.org\/{rel}","templated":true}]}}